{"id":6747,"date":"2022-09-04T18:56:32","date_gmt":"2022-09-04T16:56:32","guid":{"rendered":"http:\/\/www.amis-musee-faience-quimper.fr\/wp-content\/uploads\/2022\/09\/Festival_Ceramique_2022-3.jpg"},"modified":"2022-09-04T18:58:50","modified_gmt":"2022-09-04T16:58:50","slug":"festival_ceramique_2022-3","status":"inherit","type":"attachment","link":"http:\/\/www.amis-musee-faience-quimper.fr\/index.php\/2022\/09\/05\/le-compte-rendu-du-10eme-festival-ceramique-de-quimper\/festival_ceramique_2022-3\/","title":{"rendered":"Festival_C\u00e9ramique_2022 (3)"},"author":1,"featured_media":0,"comment_status":"open","ping_status":"closed","template":"","meta":{"_monsterinsights_skip_tracking":false,"_monsterinsights_sitenote_active":false,"_monsterinsights_sitenote_note":"","_monsterinsights_sitenote_category":0,"jetpack_post_was_ever_published":false},"class_list":["post-6747","attachment","type-attachment","status-inherit","hentry"],"aioseo_notices":[],"jetpack_sharing_enabled":true,"jetpack_shortlink":"https:\/\/wp.me\/a8tKLp-1KP","description":{"rendered":"<p class=\"attachment\"><a href='http:\/\/www.amis-musee-faience-quimper.fr\/wp-content\/uploads\/2022\/09\/Festival_Ceramique_2022-3.jpg'><img loading=\"lazy\" decoding=\"async\" width=\"300\" height=\"169\" src=\"http:\/\/www.amis-musee-faience-quimper.fr\/wp-content\/uploads\/2022\/09\/Festival_Ceramique_2022-3-300x169.jpg\" class=\"attachment-medium size-medium\" alt=\"Festival C\u00e9ramique Quimper 2022\" srcset=\"http:\/\/www.amis-musee-faience-quimper.fr\/wp-content\/uploads\/2022\/09\/Festival_Ceramique_2022-3-300x169.jpg 300w, http:\/\/www.amis-musee-faience-quimper.fr\/wp-content\/uploads\/2022\/09\/Festival_Ceramique_2022-3-768x432.jpg 768w, http:\/\/www.amis-musee-faience-quimper.fr\/wp-content\/uploads\/2022\/09\/Festival_Ceramique_2022-3-500x281.jpg 500w, http:\/\/www.amis-musee-faience-quimper.fr\/wp-content\/uploads\/2022\/09\/Festival_Ceramique_2022-3.jpg 1000w\" sizes=\"auto, (max-width: 300px) 100vw, 300px\" \/><\/a><\/p>\n<p>Le compte-rendu du 10\u00e8me Festival C\u00e9ramique de Quimper.<\/p>\n"},"caption":{"rendered":"<p>L&rsquo;inauguration du Festival le 3 septembre 2022, de gauche \u00e0 droite : Maryvonne Blondin (vice-pr\u00e9sident des Amis du Mus\u00e9e d\u00e9partemental breton), Val\u00e9rie Durrwell (adjointe au maire, charg\u00e9e de l&rsquo;attractivit\u00e9, du commerce et des m\u00e9tiers d&rsquo;art), Bernard Verlingue (directeur du Mus\u00e9e de la Fa\u00efence), Jean-Paul Alayse (Pr\u00e9sident des Amis du Mus\u00e9e et de la Fa\u00efence de Quimper), Bernard Kalonn (adjoint au maire, charg\u00e9 de la culture), Herv\u00e9 Maupin (Pr\u00e9sident du Fonds de dotation du Mus\u00e9e de la Fa\u00efence), Isabelle Assih (maire de Quimper), Jeanne-Sarah Bellaiche (co-pr\u00e9sidente de l&rsquo;association Quimper C\u00e9ramique), Philippe Bernelle (organisateur du festival) et Mathieu Casseau (co-pr\u00e9sident de l&rsquo;association Quimper C\u00e9ramique). <a href=\"http:\/\/www.amis-musee-faience-quimper.fr\/index.php\/2022\/09\/05\/le-compte-rendu-du-10eme-festival-ceramique-de-quimper\/festival_ceramique_2022-3\/\">Continuer la lecture <span class=\"meta-nav\">&rarr;<\/span><\/a><\/p>\n"},"alt_text":"Festival C\u00e9ramique Quimper 2022","media_type":"image","mime_type":"image\/jpeg","media_details":{"width":1000,"height":562,"file":"2022\/09\/Festival_Ceramique_2022-3.jpg","filesize":319211,"sizes":{"medium":{"file":"Festival_Ceramique_2022-3-300x169.jpg","width":300,"height":169,"filesize":18079,"mime_type":"image\/jpeg","source_url":"http:\/\/www.amis-musee-faience-quimper.fr\/wp-content\/uploads\/2022\/09\/Festival_Ceramique_2022-3-300x169.jpg"},"thumbnail":{"file":"Festival_Ceramique_2022-3-150x150.jpg","width":150,"height":150,"filesize":8935,"mime_type":"image\/jpeg","source_url":"http:\/\/www.amis-musee-faience-quimper.fr\/wp-content\/uploads\/2022\/09\/Festival_Ceramique_2022-3-150x150.jpg"},"medium_large":{"file":"Festival_Ceramique_2022-3-768x432.jpg","width":768,"height":432,"filesize":91792,"mime_type":"image\/jpeg","source_url":"http:\/\/www.amis-musee-faience-quimper.fr\/wp-content\/uploads\/2022\/09\/Festival_Ceramique_2022-3-768x432.jpg"},"post-thumbnail":{"file":"Festival_Ceramique_2022-3-1000x288.jpg","width":1000,"height":288,"filesize":98164,"mime_type":"image\/jpeg","source_url":"http:\/\/www.amis-musee-faience-quimper.fr\/wp-content\/uploads\/2022\/09\/Festival_Ceramique_2022-3-1000x288.jpg"},"large-feature":{"file":"Festival_Ceramique_2022-3-1000x288.jpg","width":1000,"height":288,"filesize":98164,"mime_type":"image\/jpeg","source_url":"http:\/\/www.amis-musee-faience-quimper.fr\/wp-content\/uploads\/2022\/09\/Festival_Ceramique_2022-3-1000x288.jpg"},"small-feature":{"file":"Festival_Ceramique_2022-3-500x281.jpg","width":500,"height":281,"filesize":46593,"mime_type":"image\/jpeg","source_url":"http:\/\/www.amis-musee-faience-quimper.fr\/wp-content\/uploads\/2022\/09\/Festival_Ceramique_2022-3-500x281.jpg"},"full":{"file":"Festival_Ceramique_2022-3.jpg","width":1000,"height":562,"mime_type":"image\/jpeg","source_url":"http:\/\/www.amis-musee-faience-quimper.fr\/wp-content\/uploads\/2022\/09\/Festival_Ceramique_2022-3.jpg"}},"image_meta":{"aperture":"1.7","credit":"","camera":"SM-J530F","caption":"","created_timestamp":"1662207316","copyright":"","focal_length":"3.71","iso":"40","shutter_speed":"0.0035714285714286","title":"","orientation":"1","keywords":[]}},"post":6743,"source_url":"http:\/\/www.amis-musee-faience-quimper.fr\/wp-content\/uploads\/2022\/09\/Festival_Ceramique_2022-3.jpg","_links":{"self":[{"href":"http:\/\/www.amis-musee-faience-quimper.fr\/index.php\/wp-json\/wp\/v2\/media\/6747","targetHints":{"allow":["GET"]}}],"collection":[{"href":"http:\/\/www.amis-musee-faience-quimper.fr\/index.php\/wp-json\/wp\/v2\/media"}],"about":[{"href":"http:\/\/www.amis-musee-faience-quimper.fr\/index.php\/wp-json\/wp\/v2\/types\/attachment"}],"author":[{"embeddable":true,"href":"http:\/\/www.amis-musee-faience-quimper.fr\/index.php\/wp-json\/wp\/v2\/users\/1"}],"replies":[{"embeddable":true,"href":"http:\/\/www.amis-musee-faience-quimper.fr\/index.php\/wp-json\/wp\/v2\/comments?post=6747"}],"wp:attached-to":[{"embeddable":true,"post_type":"post","id":6743,"href":"http:\/\/www.amis-musee-faience-quimper.fr\/index.php\/wp-json\/wp\/v2\/posts\/6743"}],"curies":[{"name":"wp","href":"https:\/\/api.w.org\/{rel}","templated":true}]}}