{"id":5778,"date":"2021-09-07T13:02:34","date_gmt":"2021-09-07T11:02:34","guid":{"rendered":"http:\/\/www.amis-musee-faience-quimper.fr\/wp-content\/uploads\/2021\/09\/Fouillen_1.jpg"},"modified":"2021-09-07T13:12:45","modified_gmt":"2021-09-07T11:12:45","slug":"fouillen_1","status":"inherit","type":"attachment","link":"http:\/\/www.amis-musee-faience-quimper.fr\/index.php\/2021\/09\/07\/maison-fouillen-a-quimper-un-compromis-de-vente-est-signe-le-telegramme\/fouillen_1\/","title":{"rendered":"Fouillen_1"},"author":1,"featured_media":0,"comment_status":"open","ping_status":"closed","template":"","meta":{"_monsterinsights_skip_tracking":false,"_monsterinsights_sitenote_active":false,"_monsterinsights_sitenote_note":"","_monsterinsights_sitenote_category":0,"jetpack_post_was_ever_published":false},"class_list":["post-5778","attachment","type-attachment","status-inherit","hentry"],"aioseo_notices":[],"jetpack_sharing_enabled":true,"jetpack_shortlink":"https:\/\/wp.me\/a8tKLp-1vc","description":{"rendered":"<p class=\"attachment\"><a href='http:\/\/www.amis-musee-faience-quimper.fr\/wp-content\/uploads\/2021\/09\/Fouillen_1.jpg'><img loading=\"lazy\" decoding=\"async\" width=\"300\" height=\"177\" src=\"http:\/\/www.amis-musee-faience-quimper.fr\/wp-content\/uploads\/2021\/09\/Fouillen_1-300x177.jpg\" class=\"attachment-medium size-medium\" alt=\"Maison Fouillen\" srcset=\"http:\/\/www.amis-musee-faience-quimper.fr\/wp-content\/uploads\/2021\/09\/Fouillen_1-300x177.jpg 300w, http:\/\/www.amis-musee-faience-quimper.fr\/wp-content\/uploads\/2021\/09\/Fouillen_1-500x294.jpg 500w, http:\/\/www.amis-musee-faience-quimper.fr\/wp-content\/uploads\/2021\/09\/Fouillen_1.jpg 676w\" sizes=\"auto, (max-width: 300px) 100vw, 300px\" \/><\/a><\/p>\n<p>Article du T\u00e9l\u00e9gramme : \u00ab\u00a0Maison Fouillen \u00e0 Quimper : un compromis de vente est sign\u00e9\u00a0\u00bb.<\/p>\n"},"caption":{"rendered":"<p>Le co\u00fbt du projet s\u2019\u00e9l\u00e8ve \u00e0 pr\u00e8s d\u20191,5 M\u20ac entre l\u2019achat de la maison jaune et de la petite maison qui la jouxte, et la r\u00e9habilitation du lieu avec la conservation de la fa\u00e7ade. Il y a en tout plus de 480 m2 de surface. <a href=\"http:\/\/www.amis-musee-faience-quimper.fr\/index.php\/2021\/09\/07\/maison-fouillen-a-quimper-un-compromis-de-vente-est-signe-le-telegramme\/fouillen_1\/\">Continuer la lecture <span class=\"meta-nav\">&rarr;<\/span><\/a><\/p>\n"},"alt_text":"Maison Fouillen","media_type":"image","mime_type":"image\/jpeg","media_details":{"width":676,"height":398,"file":"2021\/09\/Fouillen_1.jpg","sizes":{"medium":{"file":"Fouillen_1-300x177.jpg","width":300,"height":177,"mime_type":"image\/jpeg","source_url":"http:\/\/www.amis-musee-faience-quimper.fr\/wp-content\/uploads\/2021\/09\/Fouillen_1-300x177.jpg"},"thumbnail":{"file":"Fouillen_1-150x150.jpg","width":150,"height":150,"mime_type":"image\/jpeg","source_url":"http:\/\/www.amis-musee-faience-quimper.fr\/wp-content\/uploads\/2021\/09\/Fouillen_1-150x150.jpg"},"post-thumbnail":{"file":"Fouillen_1-676x288.jpg","width":676,"height":288,"mime_type":"image\/jpeg","source_url":"http:\/\/www.amis-musee-faience-quimper.fr\/wp-content\/uploads\/2021\/09\/Fouillen_1-676x288.jpg"},"large-feature":{"file":"Fouillen_1-676x288.jpg","width":676,"height":288,"mime_type":"image\/jpeg","source_url":"http:\/\/www.amis-musee-faience-quimper.fr\/wp-content\/uploads\/2021\/09\/Fouillen_1-676x288.jpg"},"small-feature":{"file":"Fouillen_1-500x294.jpg","width":500,"height":294,"mime_type":"image\/jpeg","source_url":"http:\/\/www.amis-musee-faience-quimper.fr\/wp-content\/uploads\/2021\/09\/Fouillen_1-500x294.jpg"},"full":{"file":"Fouillen_1.jpg","width":676,"height":398,"mime_type":"image\/jpeg","source_url":"http:\/\/www.amis-musee-faience-quimper.fr\/wp-content\/uploads\/2021\/09\/Fouillen_1.jpg"}},"image_meta":{"aperture":"0","credit":"","camera":"","caption":"","created_timestamp":"1630886400","copyright":"","focal_length":"0","iso":"0","shutter_speed":"0","title":"","orientation":"0","keywords":[]}},"post":5777,"source_url":"http:\/\/www.amis-musee-faience-quimper.fr\/wp-content\/uploads\/2021\/09\/Fouillen_1.jpg","_links":{"self":[{"href":"http:\/\/www.amis-musee-faience-quimper.fr\/index.php\/wp-json\/wp\/v2\/media\/5778","targetHints":{"allow":["GET"]}}],"collection":[{"href":"http:\/\/www.amis-musee-faience-quimper.fr\/index.php\/wp-json\/wp\/v2\/media"}],"about":[{"href":"http:\/\/www.amis-musee-faience-quimper.fr\/index.php\/wp-json\/wp\/v2\/types\/attachment"}],"author":[{"embeddable":true,"href":"http:\/\/www.amis-musee-faience-quimper.fr\/index.php\/wp-json\/wp\/v2\/users\/1"}],"replies":[{"embeddable":true,"href":"http:\/\/www.amis-musee-faience-quimper.fr\/index.php\/wp-json\/wp\/v2\/comments?post=5778"}],"wp:attached-to":[{"embeddable":true,"post_type":"post","id":5777,"href":"http:\/\/www.amis-musee-faience-quimper.fr\/index.php\/wp-json\/wp\/v2\/posts\/5777"}],"curies":[{"name":"wp","href":"https:\/\/api.w.org\/{rel}","templated":true}]}}